{"id":222831,"date":"2020-11-28T14:34:32","date_gmt":"2020-11-28T13:34:32","guid":{"rendered":"https:\/\/forcalqueiret.fr\/?page_id=222831"},"modified":"2024-07-09T08:03:50","modified_gmt":"2024-07-09T06:03:50","slug":"urbanisme","status":"publish","type":"page","link":"https:\/\/www.forcalqueiret.fr\/?page_id=222831","title":{"rendered":"Urbanisme"},"content":{"rendered":"<p>[et_pb_section fb_built=\u00a0\u00bb1&Prime; _builder_version=\u00a0\u00bb4.19.1&Prime; _module_preset=\u00a0\u00bbdefault\u00a0\u00bb background_color=\u00a0\u00bbRGBA(0,0,0,0)\u00a0\u00bb custom_padding=\u00a0\u00bb0px||0px||false|false\u00a0\u00bb global_module=\u00a0\u00bb253926&Prime; global_colors_info=\u00a0\u00bb{}\u00a0\u00bb][et_pb_row custom_padding_last_edited=\u00a0\u00bbon|phone\u00a0\u00bb _builder_version=\u00a0\u00bb4.16&Prime; _module_preset=\u00a0\u00bbdefault\u00a0\u00bb custom_padding_tablet=\u00a0\u00bb\u00a0\u00bb custom_padding_phone=\u00a0\u00bb5px||5px||false|false\u00a0\u00bb global_colors_info=\u00a0\u00bb{}\u00a0\u00bb][et_pb_column type=\u00a0\u00bb4_4&Prime; _builder_version=\u00a0\u00bb4.16&Prime; _module_preset=\u00a0\u00bbdefault\u00a0\u00bb global_colors_info=\u00a0\u00bb{}\u00a0\u00bb][et_pb_divider show_divider=\u00a0\u00bboff\u00a0\u00bb _builder_version=\u00a0\u00bb4.16&Prime; _module_preset=\u00a0\u00bbdefault\u00a0\u00bb custom_padding=\u00a0\u00bb20px||20px||false|false\u00a0\u00bb custom_padding_tablet=\u00a0\u00bb10px||10px||false|false\u00a0\u00bb custom_padding_phone=\u00a0\u00bb5px||5px||false|false\u00a0\u00bb custom_padding_last_edited=\u00a0\u00bbon|phone\u00a0\u00bb global_colors_info=\u00a0\u00bb{}\u00a0\u00bb][\/et_pb_divider][\/et_pb_column][\/et_pb_row][\/et_pb_section][et_pb_section fb_built=\u00a0\u00bb1&Prime; admin_label=\u00a0\u00bbHeader\u00a0\u00bb _builder_version=\u00a0\u00bb4.16&Prime; _module_preset=\u00a0\u00bbdefault\u00a0\u00bb background_enable_color=\u00a0\u00bboff\u00a0\u00bb use_background_color_gradient=\u00a0\u00bbon\u00a0\u00bb background_color_gradient_type=\u00a0\u00bbcircular\u00a0\u00bb background_color_gradient_direction_radial=\u00a0\u00bbtop left\u00a0\u00bb background_color_gradient_stops=\u00a0\u00bbrgba(0,0,0,0) 0%|rgba(0,0,0,0) 100%\u00a0\u00bb background_color_gradient_overlays_image=\u00a0\u00bbon\u00a0\u00bb background_color_gradient_start=\u00a0\u00bbrgba(0,0,0,0)\u00a0\u00bb background_color_gradient_end=\u00a0\u00bbrgba(0,0,0,0)\u00a0\u00bb background_image=\u00a0\u00bbhttps:\/\/www.forcalqueiret.fr\/wp-content\/uploads\/image00050-scaled.jpeg\u00a0\u00bb z_index=\u00a0\u00bb161&Prime; module_alignment=\u00a0\u00bbcenter\u00a0\u00bb height=\u00a0\u00bb200px\u00a0\u00bb custom_margin=\u00a0\u00bb||||false|false\u00a0\u00bb custom_padding=\u00a0\u00bb0px||0px||false|false\u00a0\u00bb motion_trigger_start=\u00a0\u00bbbottom\u00a0\u00bb sticky_position_tablet=\u00a0\u00bbnone\u00a0\u00bb sticky_position_phone=\u00a0\u00bb\u00a0\u00bb sticky_position_last_edited=\u00a0\u00bbon|desktop\u00a0\u00bb global_colors_info=\u00a0\u00bb{}\u00a0\u00bb background__sticky_enabled=\u00a0\u00bbon|sticky\u00a0\u00bb background_color__sticky=\u00a0\u00bb#efefc4&Prime; background_enable_color__sticky=\u00a0\u00bbon\u00a0\u00bb][et_pb_row _builder_version=\u00a0\u00bb4.16&Prime; _module_preset=\u00a0\u00bbdefault\u00a0\u00bb custom_margin=\u00a0\u00bb|||\u00a0\u00bb global_colors_info=\u00a0\u00bb{}\u00a0\u00bb][et_pb_column type=\u00a0\u00bb4_4&Prime; _builder_version=\u00a0\u00bb4.16&Prime; _module_preset=\u00a0\u00bbdefault\u00a0\u00bb custom_padding=\u00a0\u00bb|||\u00a0\u00bb global_colors_info=\u00a0\u00bb{}\u00a0\u00bb custom_padding__hover=\u00a0\u00bb|||\u00a0\u00bb][et_pb_text _builder_version=\u00a0\u00bb4.16&Prime; _module_preset=\u00a0\u00bbdefault\u00a0\u00bb text_font=\u00a0\u00bb||||||||\u00a0\u00bb header_font=\u00a0\u00bbAmatic SC|700|||||||\u00a0\u00bb header_font_size=\u00a0\u00bb70px\u00a0\u00bb header_line_height=\u00a0\u00bb1.2em\u00a0\u00bb header_5_font=\u00a0\u00bbKaushan Script||||||||\u00a0\u00bb header_5_text_color=\u00a0\u00bb#000000&Prime; header_5_font_size=\u00a0\u00bb20px\u00a0\u00bb header_5_letter_spacing=\u00a0\u00bb0.2em\u00a0\u00bb header_5_line_height=\u00a0\u00bb1.8em\u00a0\u00bb positioning=\u00a0\u00bbrelative\u00a0\u00bb text_orientation=\u00a0\u00bbcenter\u00a0\u00bb animation_style=\u00a0\u00bbzoom\u00a0\u00bb animation_intensity_zoom=\u00a0\u00bb5%\u00a0\u00bb header_font_size_tablet=\u00a0\u00bb48px\u00a0\u00bb header_font_size_phone=\u00a0\u00bb32px\u00a0\u00bb header_font_size_last_edited=\u00a0\u00bbon|phone\u00a0\u00bb header_5_font_size_tablet=\u00a0\u00bb14px\u00a0\u00bb header_5_font_size_phone=\u00a0\u00bb12px\u00a0\u00bb header_5_font_size_last_edited=\u00a0\u00bbon|desktop\u00a0\u00bb header_text_shadow_style=\u00a0\u00bbpreset1&Prime; inline_fonts=\u00a0\u00bbAndika\u00a0\u00bb global_colors_info=\u00a0\u00bb{}\u00a0\u00bb z_index__sticky_enabled=\u00a0\u00bbon|sticky\u00a0\u00bb]<\/p>\n<h1><span style=\"color: #ff0000;\">URBANISME<\/span><\/h1>\n<p>[\/et_pb_text][\/et_pb_column][\/et_pb_row][\/et_pb_section][et_pb_section fb_built=\u00a0\u00bb1&Prime; admin_label=\u00a0\u00bbmairie\u00a0\u00bb _builder_version=\u00a0\u00bb4.16&Prime; _module_preset=\u00a0\u00bbdefault\u00a0\u00bb custom_padding=\u00a0\u00bb10px||||false|false\u00a0\u00bb global_colors_info=\u00a0\u00bb{}\u00a0\u00bb][et_pb_row _builder_version=\u00a0\u00bb4.16&Prime; _module_preset=\u00a0\u00bbdefault\u00a0\u00bb custom_padding=\u00a0\u00bb|13px||13px||true\u00a0\u00bb global_colors_info=\u00a0\u00bb{}\u00a0\u00bb][et_pb_column type=\u00a0\u00bb4_4&Prime; _builder_version=\u00a0\u00bb4.16&Prime; _module_preset=\u00a0\u00bbdefault\u00a0\u00bb background_color=\u00a0\u00bb#ffffff\u00a0\u00bb custom_padding=\u00a0\u00bb1vw|3vw|1vw|3vw|true|true\u00a0\u00bb border_radii=\u00a0\u00bbon|15px|15px|15px|15px\u00a0\u00bb box_shadow_style=\u00a0\u00bbpreset6&Prime; global_colors_info=\u00a0\u00bb{}\u00a0\u00bb][et_pb_text _builder_version=\u00a0\u00bb4.16&Prime; _module_preset=\u00a0\u00bbdefault\u00a0\u00bb text_font=\u00a0\u00bb||||||||\u00a0\u00bb custom_margin=\u00a0\u00bb||0px||false|false\u00a0\u00bb global_colors_info=\u00a0\u00bb{}\u00a0\u00bb]<\/p>\n<p style=\"text-align: center;\"><strong>Vous souhaitez construire ou faire construire ? Vous avez des projets pour votre habitation ?<\/strong><br \/><strong>Le service Urbanisme vous accompagne dans vos d\u00e9marches.<\/strong><\/p>\n<p>[\/et_pb_text][et_pb_image src=\u00a0\u00bbhttps:\/\/www.forcalqueiret.fr\/wp-content\/uploads\/maison.png\u00a0\u00bb title_text=\u00a0\u00bbmaison\u00a0\u00bb align=\u00a0\u00bbcenter\u00a0\u00bb _builder_version=\u00a0\u00bb4.16&Prime; _module_preset=\u00a0\u00bbdefault\u00a0\u00bb width=\u00a0\u00bb120px\u00a0\u00bb custom_margin=\u00a0\u00bb0px||||false|false\u00a0\u00bb custom_padding=\u00a0\u00bb0px||||false|false\u00a0\u00bb global_colors_info=\u00a0\u00bb{}\u00a0\u00bb][\/et_pb_image][et_pb_text _builder_version=\u00a0\u00bb4.19.4&Prime; _module_preset=\u00a0\u00bbdefault\u00a0\u00bb text_font=\u00a0\u00bb||||||||\u00a0\u00bb global_colors_info=\u00a0\u00bb{}\u00a0\u00bb]Pour obtenir des conseils :<strong><br \/>\n<\/strong><\/p>\n<p><strong>Madame B\u00e9atrice REY<\/strong><br \/>\nDu Lundi au Jeudi de 8h30 \u00e0 12h<br \/>\nFermeture le vendredi<\/p>\n<p>ou <strong>Monsieur Thierry CONSTANT DIT BEAUFILS, conseiller d\u00e9l\u00e9gu\u00e9 \u00e0 l&rsquo;urbanisme<\/strong><\/p>\n<p>Courriel : <a href=\"mailto:urbanisme@forcalqueiret.fr\">urbanisme@forcalqueiret.fr<\/a>[\/et_pb_text][et_pb_image src=\u00a0\u00bbhttps:\/\/www.forcalqueiret.fr\/wp-content\/uploads\/urbanisme.png\u00a0\u00bb title_text=\u00a0\u00bburbanisme\u00a0\u00bb _builder_version=\u00a0\u00bb4.16&Prime; _module_preset=\u00a0\u00bbdefault\u00a0\u00bb width=\u00a0\u00bb400px\u00a0\u00bb module_alignment=\u00a0\u00bbcenter\u00a0\u00bb global_colors_info=\u00a0\u00bb{}\u00a0\u00bb][\/et_pb_image][dnxte_button button_text=\u00a0\u00bbT\u00e9l\u00e9charger la notice\u00a0\u00bb button_link=\u00a0\u00bb@ET-DC@eyJkeW5hbWljIjp0cnVlLCJjb250ZW50IjoicG9zdF9saW5rX3VybF9hdHRhY2htZW50Iiwic2V0dGluZ3MiOnsicG9zdF9pZCI6IjI1NTIyNyJ9fQ==@\u00a0\u00bb button_link_new_window=\u00a0\u00bbon\u00a0\u00bb dnxt_button_alignment=\u00a0\u00bbcenter\u00a0\u00bb btn_icon=\u00a0\u00bb&#x68;||divi||400&Prime; btn_icon_placement=\u00a0\u00bbleft\u00a0\u00bb dnxt_hover_icons=\u00a0\u00bbdnxt-hover-icon-pulse\u00a0\u00bb _builder_version=\u00a0\u00bb4.17.4&Prime; _dynamic_attributes=\u00a0\u00bbbutton_link\u00a0\u00bb _module_preset=\u00a0\u00bbdefault\u00a0\u00bb btn_fonts_font_size=\u00a0\u00bb17px\u00a0\u00bb btn_fonts_line_height=\u00a0\u00bb0.9em\u00a0\u00bb border_radii_btn_border=\u00a0\u00bbon|7px|7px|7px|7px\u00a0\u00bb border_color_all_btn_border=\u00a0\u00bb#E02B20&Prime; global_colors_info=\u00a0\u00bb{}\u00a0\u00bb][\/dnxte_button][et_pb_text _builder_version=\u00a0\u00bb4.16&Prime; _module_preset=\u00a0\u00bbdefault\u00a0\u00bb text_font=\u00a0\u00bb||||||||\u00a0\u00bb global_colors_info=\u00a0\u00bb{}\u00a0\u00bb]<\/p>\n<p><span style=\"text-decoration: underline;\">Les missions du service urbanisme<\/span> :<strong><br \/><\/strong><\/p>\n<p style=\"padding-left: 40px;\">\u27a2 Renseigner le public sur les proc\u00e9dures et les probl\u00e8mes li\u00e9s \u00e0 l&rsquo;urbanisme et au foncier<\/p>\n<p style=\"padding-left: 40px;\">\u27a2 Mener la r\u00e9flexion pour des am\u00e9nagements urbains coh\u00e9rents<\/p>\n<p style=\"padding-left: 40px;\">\u27a2 Jouer le r\u00f4le d&rsquo;interm\u00e9diaire entre les am\u00e9nageurs constructeurs et les exigences de la commune<\/p>\n<p style=\"padding-left: 40px;\">\u27a2 Proc\u00e9der \u00e0 la veille fonci\u00e8re et mettre en \u0153uvre la politique fonci\u00e8re de la commune<\/p>\n<p style=\"padding-left: 40px;\">\u27a2 Instruire les demandes d&rsquo;autorisation du droit des sols et fonci\u00e8re<\/p>\n<p style=\"padding-left: 40px;\">\u27a2 Proc\u00e9der \u00e0 la veille fonci\u00e8re et mettre en \u0153uvre la politique fonci\u00e8re de la commune<\/p>\n<p>[\/et_pb_text][et_pb_image src=\u00a0\u00bbhttps:\/\/www.forcalqueiret.fr\/wp-content\/uploads\/PLU.png\u00a0\u00bb title_text=\u00a0\u00bbPLU\u00a0\u00bb _builder_version=\u00a0\u00bb4.26.0&Prime; _module_preset=\u00a0\u00bbdefault\u00a0\u00bb custom_margin=\u00a0\u00bb||50px||false|false\u00a0\u00bb hover_enabled=\u00a0\u00bb0&Prime; global_colors_info=\u00a0\u00bb{}\u00a0\u00bb disabled_on=\u00a0\u00bbon|on|on\u00a0\u00bb disabled=\u00a0\u00bbon\u00a0\u00bb sticky_enabled=\u00a0\u00bb0&Prime;][\/et_pb_image][et_pb_text _builder_version=\u00a0\u00bb4.16&Prime; _module_preset=\u00a0\u00bbdefault\u00a0\u00bb text_font=\u00a0\u00bb||||||||\u00a0\u00bb background_enable_image=\u00a0\u00bboff\u00a0\u00bb custom_margin=\u00a0\u00bb||0px||false|false\u00a0\u00bb global_colors_info=\u00a0\u00bb{}\u00a0\u00bb width__hover_enabled=\u00a0\u00bboff|desktop\u00a0\u00bb]<\/p>\n<h2 style=\"text-align: center;\"><strong>Le PLU<\/strong><\/h2>\n<p>[\/et_pb_text][et_pb_image src=\u00a0\u00bbhttps:\/\/www.forcalqueiret.fr\/wp-content\/uploads\/le-plu.png\u00a0\u00bb title_text=\u00a0\u00bble plu\u00a0\u00bb align=\u00a0\u00bbcenter\u00a0\u00bb _builder_version=\u00a0\u00bb4.16&Prime; _module_preset=\u00a0\u00bbdefault\u00a0\u00bb global_colors_info=\u00a0\u00bb{}\u00a0\u00bb][\/et_pb_image][et_pb_text _builder_version=\u00a0\u00bb4.26.0&Prime; _module_preset=\u00a0\u00bbdefault\u00a0\u00bb text_font=\u00a0\u00bb||||||||\u00a0\u00bb hover_enabled=\u00a0\u00bb0&Prime; global_colors_info=\u00a0\u00bb{}\u00a0\u00bb disabled_on=\u00a0\u00bbon|on|on\u00a0\u00bb disabled=\u00a0\u00bbon\u00a0\u00bb sticky_enabled=\u00a0\u00bb0&Prime;]<\/p>\n<p><strong><span>Le PDF du zonage du PLU<\/span><\/strong><span> : <\/span><br \/><span><a href=\"https:\/\/www.forcalqueiret.fr\/wp-content\/uploads\/FORCA_MDC_ZONAGE_APPRO_15-mars-2021.pdf\">T\u00e9l\u00e9charger le fichier PDF<\/a><\/span><\/p>\n<p><span style=\"text-decoration: underline;\">Dispositions g\u00e9n\u00e9rales<\/span> : <span><a href=\"https:\/\/www.forcalqueiret.fr\/wp-content\/uploads\/PLU-DISPOSITIONS-GENERALES.pdf\">T\u00e9l\u00e9charger le fichier PDF<\/a><\/span><\/p>\n<p><span><\/span><span>\u00a0<\/span><span>Le village de Forcalqueiret est divis\u00e9 en 8 zones distinctes: <strong>Ucr, Ar, AUr, Nr, UA, Ubr, Udr, Uxr<\/strong><\/span><br \/><span>Chaque zones est r\u00e9gie par des r\u00e8gles diff\u00e9rentes que vous pouvez consulter gr\u00e2ce aux liens PDF ci-dessous: <\/span><\/p>\n<p><strong><u><span>Zone Ucr<\/span><\/u><\/strong><span> :<\/span><span>\u00a0<a href=\"https:\/\/www.forcalqueiret.fr\/wp-content\/uploads\/Ucr-MDC-3.pdf\">T\u00e9l\u00e9charger le fichier PDF<\/a><\/span><br \/><strong><u><span>Zone Ar<\/span><\/u><span> :<\/span><\/strong><span>\u00a0<a href=\"https:\/\/www.forcalqueiret.fr\/wp-content\/uploads\/ZONE-Ar.pdf\">T\u00e9l\u00e9charger le fichier PDF<\/a><\/span><br \/><strong><u><span>Zone AUr<\/span><\/u><\/strong> <strong><span>:<\/span><\/strong> <span><a href=\"https:\/\/www.forcalqueiret.fr\/wp-content\/uploads\/ZONE-AUr.pdf\">T\u00e9l\u00e9charger le fichier PDF<\/a><\/span><br \/><strong><u><span>Zone Nr<\/span><\/u><span> :\u00a0<\/span><\/strong><span><a href=\"https:\/\/www.forcalqueiret.fr\/wp-content\/uploads\/ZONE-Nr.pdf\">T\u00e9l\u00e9charger le fichier PDF<\/a><\/span><br \/><strong><u><span>Zone UA<\/span><\/u><span> :<\/span><\/strong> <span><a href=\"https:\/\/www.forcalqueiret.fr\/wp-content\/uploads\/ZONE-UA.pdf\">T\u00e9l\u00e9charger le fichier PDF<\/a><\/span><br \/><strong><u><span>Zone Ubr<\/span><\/u><span> :<\/span><\/strong> <span><a href=\"https:\/\/www.forcalqueiret.fr\/wp-content\/uploads\/ZONE-Ubr.pdf\">T\u00e9l\u00e9charger le fichier PDF<\/a><\/span><br \/><strong><u><span>Zone Udr<\/span><\/u><span> :<\/span><\/strong> <span><a href=\"https:\/\/www.forcalqueiret.fr\/wp-content\/uploads\/ZONE-Udr.pdf\">T\u00e9l\u00e9charger le fichier PDF<\/a><\/span><br \/><strong><u><span>Zone Uxr<\/span><\/u><span> :<\/span><\/strong> <span><a href=\"https:\/\/www.forcalqueiret.fr\/wp-content\/uploads\/ZONE-Uxr.pdf\">T\u00e9l\u00e9charger le fichier PDF<\/a><\/span><\/p>\n<p>[\/et_pb_text][et_pb_text _builder_version=\u00a0\u00bb4.21.0&Prime; _module_preset=\u00a0\u00bbdefault\u00a0\u00bb text_font=\u00a0\u00bb||||||||\u00a0\u00bb custom_margin=\u00a0\u00bb30px||5px||false|false\u00a0\u00bb global_colors_info=\u00a0\u00bb{}\u00a0\u00bb]<\/p>\n<p><strong><span style=\"text-decoration: underline;\">T\u00e9l\u00e9chargez les documents d\u2019urbanisme \u00e0 jour :<\/span><\/strong><\/p>\n<p>[\/et_pb_text][et_pb_text _builder_version=\u00a0\u00bb4.21.0&Prime; _module_preset=\u00a0\u00bbdefault\u00a0\u00bb text_font=\u00a0\u00bb||||||||\u00a0\u00bb custom_margin=\u00a0\u00bb||5px||false|false\u00a0\u00bb custom_padding=\u00a0\u00bb||0px||false|false\u00a0\u00bb global_colors_info=\u00a0\u00bb{}\u00a0\u00bb]<\/p>\n<ul>\n<li style=\"text-align: left;\"><span><a href=\"https:\/\/www.forcalqueiret.fr\/wp-content\/uploads\/TABLEAU-CERFA-2022.pdf\">Les CERFA pour les autorisations d\u2019urbanisme (pdf)<\/a><\/span><\/li>\n<\/ul>\n<p>[\/et_pb_text][et_pb_text _builder_version=\u00a0\u00bb4.21.0&Prime; _module_preset=\u00a0\u00bbdefault\u00a0\u00bb text_font=\u00a0\u00bb||||||||\u00a0\u00bb custom_margin=\u00a0\u00bb5px||5px||false|false\u00a0\u00bb global_colors_info=\u00a0\u00bb{}\u00a0\u00bb]<\/p>\n<p><strong><span style=\"text-decoration: underline;\">Pour simplifier vos d\u00e9marches, t\u00e9l\u00e9chargez les documents d\u2019urbanisme dont vous avez besoin ci-dessous :<\/span><\/strong><\/p>\n<p>[\/et_pb_text][et_pb_text _builder_version=\u00a0\u00bb4.16&Prime; _module_preset=\u00a0\u00bbdefault\u00a0\u00bb text_font=\u00a0\u00bb||||||||\u00a0\u00bb global_colors_info=\u00a0\u00bb{}\u00a0\u00bb]<\/p>\n<ul>\n<li style=\"text-align: left;\"><span><a href=\"http:\/\/www.brignoles.fr\/documents\/Documents\/Vie_pratique\/Urbanisme\/Vos_demarches\/2017_maj\/Imprime_type_AT_liee_a_PC.pdf\">Demande d&rsquo;autorisation de travaux li\u00e9e \u00e0 permis de construire (pdf)<\/a><\/span><\/li>\n<li style=\"text-align: left;\"><span><a href=\"http:\/\/www.brignoles.fr\/documents\/Documents\/Vie_pratique\/Urbanisme\/Vos_demarches\/2017_maj\/Imprime_type_AT_non_liee_a_PC.pdf\">Demande d&rsquo;autorisation de travaux non li\u00e9e \u00e0 permis de construire (pdf)<\/a><\/span><\/li>\n<li style=\"text-align: left;\"><span><a href=\"https:\/\/drive.google.com\/file\/d\/1Mlor6CwXSkONwZpg4tANy6pG_i43KDe9\/view?usp=sharing\">Demande de raccordement \u00e9lectrique (pdf)<\/a><\/span><\/li>\n<li style=\"text-align: left;\"><span><a href=\"https:\/\/drive.google.com\/file\/d\/1izXT-DaDmt4HdGAovj4HHsLdmTUk0N-P\/view?usp=sharing\">Demande de devis branchement eau et\/ou assainissement (pdf)<\/a><\/span><\/li>\n<li style=\"text-align: left;\"><span><a href=\"https:\/\/drive.google.com\/file\/d\/1SXd716KDh-66njnwMVKlnW4jg9D6XftD\/view?usp=sharing\">D\u00e9rogation de tonnage (pdf)<\/a><\/span><\/li>\n<li style=\"text-align: left;\"><span><a href=\"http:\/\/www.brignoles.fr\/documents\/Documents\/Vie_pratique\/Urbanisme\/Vos_demarches\/2017_maj\/Notice_accessibilite.pdf\">Notice accessibilit\u00e9 (pdf)<\/a><\/span><\/li>\n<li style=\"text-align: left;\"><span><a href=\"http:\/\/www.brignoles.fr\/documents\/Documents\/Vie_pratique\/Urbanisme\/Vos_demarches\/2017_maj\/NOTICE_DE_SECURITE.pdf\">Notice de s\u00e9curit\u00e9 (pdf)<\/a><\/span><\/li>\n<li style=\"text-align: left;\"><span><a href=\"http:\/\/www.brignoles.fr\/documents\/Documents\/Vie_pratique\/Urbanisme\/Vos_demarches\/2017_maj\/CU.pdf\">Demande de certificat d&rsquo;urbanisme (pdf)<\/a><\/span><\/li>\n<li style=\"text-align: left;\"><span><a href=\"http:\/\/www.brignoles.fr\/documents\/Documents\/Vie_pratique\/Urbanisme\/Vos_demarches\/Demandes_complementaires.pdf\">Fiches compl\u00e9mentaires \/ autres demandeurs (pdf)<\/a><\/span><\/li>\n<li style=\"text-align: left;\"><span><a href=\"http:\/\/www.brignoles.fr\/documents\/Documents\/Vie_pratique\/Urbanisme\/Vos_demarches\/Fiche_d_aide_pour_le_calcul_de_la_surface_de_plancher_et_de_la_surface_taxable.pdf\">Fiche d\u2019aide pour le calcul de la surface de plancher et de la surface taxable (pdf)<\/a><\/span><\/li>\n<li style=\"text-align: left;\"><span><a href=\"http:\/\/www.brignoles.fr\/documents\/Documents\/Vie_pratique\/Urbanisme\/Vos_demarches\/2017_maj\/notice_explicative_PC_PA_DP.pdf\">Notice explicative pour les demandes de permis de construire, d&rsquo;am\u00e9nager et de d\u00e9molir (pdf)<\/a><\/span><\/li>\n<li style=\"text-align: left;\"><span><a href=\"http:\/\/www.brignoles.fr\/documents\/Documents\/Vie_pratique\/Urbanisme\/Vos_demarches\/2017_maj\/DP_MI.pdf\">D\u00e9claration pr\u00e9alable &#8211; Constructions et travaux non soumis \u00e0 permis de construire portant sur une maison individuelle et\/ou ses annexes (pdf)<\/a><\/span><\/li>\n<li style=\"text-align: left;\"><span><a href=\"http:\/\/www.brignoles.fr\/documents\/Documents\/Vie_pratique\/Urbanisme\/Vos_demarches\/2017_maj\/DP_autres_travaux.pdf\">D\u00e9claration pr\u00e9alable &#8211; Constructions, travaux, installations et am\u00e9nagements non soumis \u00e0 permis comprenant ou non des d\u00e9molitions (pdf)<\/a><\/span><\/li>\n<li style=\"text-align: left;\"><span><a href=\"http:\/\/www.brignoles.fr\/documents\/Documents\/Vie_pratique\/Urbanisme\/Vos_demarches\/2017_maj\/DP_divisions.pdf\">D\u00e9claration pr\u00e9alable &#8211; Lotissements et autres divisions fonci\u00e8res non soumis \u00e0 permis d\u2019am\u00e9nager (pdf)<\/a><\/span><\/li>\n<li style=\"text-align: left;\"><span><a href=\"http:\/\/www.brignoles.fr\/documents\/Documents\/Vie_pratique\/Urbanisme\/Vos_demarches\/2017_maj\/PC_MODIF.pdf\">Demande de modification d\u2019un permis d\u00e9livr\u00e9 en cours de validit\u00e9 (pdf)<\/a><\/span><\/li>\n<li style=\"text-align: left;\"><span><a href=\"http:\/\/www.brignoles.fr\/documents\/Documents\/Vie_pratique\/Urbanisme\/Vos_demarches\/2017_maj\/PC-cerfa_13409-06-2.pdf\">Demande de permis de construire comprenant ou non des d\u00e9molitions (pdf)<\/a><\/span><\/li>\n<li style=\"text-align: left;\"><span><a href=\"http:\/\/www.brignoles.fr\/documents\/Documents\/Vie_pratique\/Urbanisme\/Vos_demarches\/2017_maj\/PC_MI.pdf\">Demande de permis de construire une maison individuelle et\/ou ses annexes (pdf)<\/a><\/span><\/li>\n<li style=\"text-align: left;\"><span><a href=\"http:\/\/www.brignoles.fr\/documents\/Documents\/Vie_pratique\/Urbanisme\/Vos_demarches\/2017_maj\/PD_.pdf\">Demande de permis de d\u00e9molir (pdf)<\/a><\/span><\/li>\n<li style=\"text-align: left;\"><span><a href=\"http:\/\/www.brignoles.fr\/documents\/Documents\/Vie_pratique\/Urbanisme\/Vos_demarches\/2017_maj\/TRANSFERT.pdf\">Demande de transfert d\u2019un permis d\u00e9livr\u00e9 en cours de validit\u00e9 (pdf)<\/a><\/span><\/li>\n<li style=\"text-align: left;\"><span><a href=\"http:\/\/www.brignoles.fr\/documents\/Documents\/Vie_pratique\/Urbanisme\/Vos_demarches\/2017_maj\/PA.pdf\">Demande de permis d&rsquo;am\u00e9nager (pdf)<\/a><\/span><\/li>\n<li style=\"text-align: left;\"><span><a href=\"http:\/\/www.brignoles.fr\/documents\/Documents\/Vie_pratique\/Urbanisme\/Vos_demarches\/Declaration_d_ouverture_de_chantier.pdf\">D\u00e9claration d&rsquo;ouverture de chantier (pdf)<\/a><\/span><\/li>\n<li style=\"text-align: left;\"><span><a href=\"http:\/\/www.brignoles.fr\/documents\/Documents\/Vie_pratique\/Urbanisme\/Vos_demarches\/2017_maj\/DAACT-cerfa_13408-04.pdf\">D\u00e9claration attestant l\u2019ach\u00e8vement et la conformit\u00e9 des travaux (pdf)<\/a><\/span><\/li>\n<\/ul>\n<p>[\/et_pb_text][\/et_pb_column][\/et_pb_row][\/et_pb_section]<\/p>\n","protected":false},"excerpt":{"rendered":"<p>URBANISMEVous souhaitez construire ou faire construire ? Vous avez des projets pour votre habitation ?Le service Urbanisme vous accompagne dans vos d\u00e9marches.Pour obtenir des conseils : Madame B\u00e9atrice REY Du [&hellip;]<\/p>\n","protected":false},"author":1,"featured_media":0,"parent":0,"menu_order":0,"comment_status":"closed","ping_status":"closed","template":"","meta":{"_et_pb_use_builder":"on","_et_pb_old_content":"","_et_gb_content_width":"","_monsterinsights_skip_tracking":false,"_monsterinsights_sitenote_active":false,"_monsterinsights_sitenote_note":"","_monsterinsights_sitenote_category":0,"footnotes":""},"class_list":["post-222831","page","type-page","status-publish","hentry"],"_links":{"self":[{"href":"https:\/\/www.forcalqueiret.fr\/index.php?rest_route=\/wp\/v2\/pages\/222831","targetHints":{"allow":["GET"]}}],"collection":[{"href":"https:\/\/www.forcalqueiret.fr\/index.php?rest_route=\/wp\/v2\/pages"}],"about":[{"href":"https:\/\/www.forcalqueiret.fr\/index.php?rest_route=\/wp\/v2\/types\/page"}],"author":[{"embeddable":true,"href":"https:\/\/www.forcalqueiret.fr\/index.php?rest_route=\/wp\/v2\/users\/1"}],"replies":[{"embeddable":true,"href":"https:\/\/www.forcalqueiret.fr\/index.php?rest_route=%2Fwp%2Fv2%2Fcomments&post=222831"}],"version-history":[{"count":80,"href":"https:\/\/www.forcalqueiret.fr\/index.php?rest_route=\/wp\/v2\/pages\/222831\/revisions"}],"predecessor-version":[{"id":256178,"href":"https:\/\/www.forcalqueiret.fr\/index.php?rest_route=\/wp\/v2\/pages\/222831\/revisions\/256178"}],"wp:attachment":[{"href":"https:\/\/www.forcalqueiret.fr\/index.php?rest_route=%2Fwp%2Fv2%2Fmedia&parent=222831"}],"curies":[{"name":"wp","href":"https:\/\/api.w.org\/{rel}","templated":true}]}}